{"id":22734,"date":"2025-02-16T12:58:01","date_gmt":"2025-02-16T11:58:01","guid":{"rendered":"https:\/\/beatrice-mueller.de\/produkt\/cunz-x-cambia-etichetta-freiheit-opaco\/"},"modified":"2025-02-16T12:58:01","modified_gmt":"2025-02-16T11:58:01","slug":"cunz-x-cambia-etichetta-freiheit-opaco","status":"publish","type":"product","link":"https:\/\/beatrice-mueller.de\/it\/prodotto\/cunz-x-cambia-etichetta-freiheit-opaco\/","title":{"rendered":"CuNz-x cambia etichetta FREIHEIT opaco"},"content":{"rendered":"<div class=\"content--title\"><\/div>\n<div class=\"content--title\"><strong data-mce-fragment=\"1\">descrizione del prodotto<\/strong><\/div>\n<div class=\"content--title\">La libert\u00e0 \u00e8 il bene pi\u00f9 grande dell&#8217;uomo. Al momento ci mancano alcune delle nostre libert\u00e0. Ma anche se lo spazio \u00e8 pi\u00f9 piccolo in questo momento, puoi comunque sentire la libert\u00e0 interiore. Questo ciondolo \u00e8 progettato per la maschera FFP2, per essere appeso e come segnale attuale verso il mondo esterno. Sei importante: dimostralo!   <\/div>\n<div class=\"content--title\"><\/div>\n<div class=\"content--title\"><\/div>\n<div class=\"content--title\">\n<div><\/div>\n<p><strong data-mce-fragment=\"1\">Maschera facciale CuNz-x<\/strong><\/p>\n<div class=\"product--description\">\n<div class=\"product--description\" data-mce-fragment=\"1\">\n<div class=\"product--description\" data-mce-fragment=\"1\">\n<div class=\"content--title\" data-mce-fragment=\"1\">\n<div class=\"content--title\" data-mce-fragment=\"1\">\n<div data-mce-fragment=\"1\">La maschera \u00e8 dotata di un&#8217;etichetta in ottone. Ogni maschera ha un messaggio speciale. <\/div>\n<div data-mce-fragment=\"1\"><\/div>\n<div data-mce-fragment=\"1\"><\/div>\n<div data-mce-fragment=\"1\"><span style=\"color: #b63116;\" data-mce-fragment=\"1\"><strong data-mce-fragment=\"1\">Diffondi il tuo messaggio!<\/strong><\/span><\/div>\n<div data-mce-fragment=\"1\"><\/div>\n<div data-mce-fragment=\"1\"><\/div>\n<\/div>\n<p><strong data-mce-fragment=\"1\">avviso di sicurezza<\/strong><\/p>\n<\/div>\n<div class=\"content--title\" data-mce-fragment=\"1\">Le nostre maschere rendono indossabili le ingegnose propriet\u00e0 dell&#8217;ottone. La protezione per bocca e naso contribuisce a un trattamento consapevole di s\u00e9 stessi e degli altri nella vita di tutti i giorni. La nostra protezione per bocca e naso non \u00e8 un dispositivo di protezione, ma pu\u00f2 aiutare a ridurre la diffusione di virus e agenti patogeni tramite l&#8217;infezione tramite goccioline. Ma indossare qualcosa direttamente sul viso e sentire che respinge virus e batteri \u00e8 in qualche modo rassicurante, non \u00e8 vero?   <\/div>\n<div class=\"content--title\" data-mce-fragment=\"1\"><\/div>\n<div class=\"content--title\" data-mce-fragment=\"1\"><\/div>\n<div class=\"content--title\" data-mce-fragment=\"1\"><strong data-mce-fragment=\"1\">Curiosit\u00e0 Ottone<\/strong><\/div>\n<div class=\"content--title\" data-mce-fragment=\"1\">Gi\u00e0 nell&#8217;antichit\u00e0 si era scoperto che l&#8217;ottone \u00e8 un materiale molto speciale. \u00c8 battericida, il che significa che i germi sulla superficie vengono attivamente ridotti e non possono moltiplicarsi.  La parola antibatterico non era certamente nota a quei tempi, ma i nostri antenati la usavano intuitivamente e, ad esempio,<\/div>\n<div class=\"content--title\" data-mce-fragment=\"1\">Per la disinfezione si utilizza il solfato di rame.<\/div>\n<div class=\"content--title\" data-mce-fragment=\"1\"><\/div>\n<div class=\"content--title\" data-mce-fragment=\"1\"><\/div>\n<p class=\"content--title\" data-mce-fragment=\"1\"><strong data-mce-fragment=\"1\">istruzioni per la cura<\/strong><\/p>\n<p class=\"content--title\" data-mce-fragment=\"1\">comodo &#8211; riutilizzabile<\/p>\n<p class=\"content--title\" data-mce-fragment=\"1\">Con l&#8217;avanzare dell&#8217;et\u00e0 compaiono le rughe. Invecchiando, l&#8217;ottone diventa scuro. Dipende dalla composizione del sudore, dall&#8217;umidit\u00e0 e dal modo in cui il pezzo viene indossato. Personalmente, adoriamo l&#8217;effetto: si capisce che il gioiello ha una storia. Se non ti piace, puoi strofinare l&#8217;etichetta con un panno morbido e pulirla con acido citrico diluito al 25%.   <\/p>\n<p class=\"content--title\" data-mce-fragment=\"1\">\n<\/div>\n<\/div>\n<table border=\"0\">\n<tbody>\n<tr>\n<td><span data-mce-mark=\"1\"><strong>materiale<\/strong><\/span><\/td>\n<td>Ottone<\/td>\n<\/tr>\n<tr>\n<td><span data-mce-mark=\"1\"><strong>superficie<\/strong><\/span><\/td>\n<td><span data-mce-mark=\"1\">opaco<\/span><\/td>\n<\/tr>\n<tr>\n<td><span data-mce-mark=\"1\"><strong>piastrelle colorate<\/strong><\/span><\/td>\n<td><span data-mce-mark=\"1\">Colore del materiale<\/span><\/td>\n<\/tr>\n<tr>\n<td><span data-mce-mark=\"1\"><strong>piastra \u00f8<\/strong><\/span><\/td>\n<td><span data-mce-mark=\"1\">18 millimetri<\/span><\/td>\n<\/tr>\n<tr>\n<td><span data-mce-mark=\"1\"><strong>spessore del materiale<\/strong><\/span><\/td>\n<td><span data-mce-mark=\"1\">0,8 millimetri<\/span><\/td>\n<\/tr>\n<\/tbody>\n<\/table>\n<\/div>\n<\/div>\n","protected":false},"excerpt":{"rendered":"<p>descrizione del prodotto La libert\u00e0 \u00e8 il bene pi\u00f9 grande dell&#8217;uomo. Al momento ci mancano alcune delle nostre libert\u00e0. Ma anche se lo spazio \u00e8 pi\u00f9 piccolo in questo momento, puoi comunque sentire la libert\u00e0 interiore. Questo ciondolo \u00e8 progettato per la maschera FFP2, per essere appeso e come segnale attuale verso il mondo esterno. [&hellip;]<\/p>\n","protected":false},"featured_media":22738,"comment_status":"closed","ping_status":"closed","template":"","meta":{"_glsr_average":0,"_glsr_ranking":0,"_glsr_reviews":0},"product_brand":[],"product_cat":[615],"product_tag":[617,606,616],"class_list":{"0":"post-22734","1":"product","2":"type-product","3":"status-publish","4":"has-post-thumbnail","6":"product_cat-maschere","7":"product_tag-cera-una-volta","8":"product_tag-cunz-x-it","9":"product_tag-maschere","10":"pa_maske-blau-weiss-it","11":"pa_maske-dunkelblau-it","12":"pa_maske-regenbogen-it","13":"pa_maske-rose-it","14":"pa_maske-schwarz-it","15":"pa_maske-weiss-it","17":"first","18":"instock","19":"taxable","20":"shipping-taxable","21":"purchasable","22":"product-type-variable"},"exclude_global_add_ons":[],"addons":[],"yoast_head":"<!-- This site is optimized with the Yoast SEO plugin v25.6 - https:\/\/yoast.com\/wordpress\/plugins\/seo\/ -->\n<title>CuNz-x cambia etichetta FREIHEIT opaco - Beatrice M\u00fcller<\/title>\n<meta name=\"robots\" content=\"index, follow, max-snippet:-1, max-image-preview:large, max-video-preview:-1\" \/>\n<link rel=\"canonical\" href=\"https:\/\/beatrice-mueller.de\/it\/prodotto\/cunz-x-cambia-etichetta-freiheit-opaco\/\" \/>\n<meta property=\"og:locale\" content=\"it_IT\" \/>\n<meta property=\"og:type\" content=\"article\" \/>\n<meta property=\"og:title\" content=\"CuNz-x cambia etichetta FREIHEIT opaco - Beatrice M\u00fcller\" \/>\n<meta property=\"og:description\" content=\"descrizione del prodotto La libert\u00e0 \u00e8 il bene pi\u00f9 grande dell&#8217;uomo. Al momento ci mancano alcune delle nostre libert\u00e0. Ma anche se lo spazio \u00e8 pi\u00f9 piccolo in questo momento, puoi comunque sentire la libert\u00e0 interiore. Questo ciondolo \u00e8 progettato per la maschera FFP2, per essere appeso e come segnale attuale verso il mondo esterno. [&hellip;]\" \/>\n<meta property=\"og:url\" content=\"https:\/\/beatrice-mueller.de\/it\/prodotto\/cunz-x-cambia-etichetta-freiheit-opaco\/\" \/>\n<meta property=\"og:site_name\" content=\"Beatrice M\u00fcller\" \/>\n<meta property=\"og:image\" content=\"https:\/\/beatrice-mueller.de\/wp-content\/uploads\/2022\/03\/CuNz-x-Wechsellabel-freiheit-vorne.jpg\" \/>\n\t<meta property=\"og:image:width\" content=\"1500\" \/>\n\t<meta property=\"og:image:height\" content=\"1500\" \/>\n\t<meta property=\"og:image:type\" content=\"image\/jpeg\" \/>\n<meta name=\"twitter:card\" content=\"summary_large_image\" \/>\n<meta name=\"twitter:label1\" content=\"Tempo di lettura stimato\" \/>\n\t<meta name=\"twitter:data1\" content=\"1 minuto\" \/>\n<script type=\"application\/ld+json\" class=\"yoast-schema-graph\">{\"@context\":\"https:\/\/schema.org\",\"@graph\":[{\"@type\":\"WebPage\",\"@id\":\"https:\/\/beatrice-mueller.de\/it\/prodotto\/cunz-x-cambia-etichetta-freiheit-opaco\/\",\"url\":\"https:\/\/beatrice-mueller.de\/it\/prodotto\/cunz-x-cambia-etichetta-freiheit-opaco\/\",\"name\":\"CuNz-x cambia etichetta FREIHEIT opaco - Beatrice M\u00fcller\",\"isPartOf\":{\"@id\":\"https:\/\/beatrice-mueller.de\/it\/#website\"},\"primaryImageOfPage\":{\"@id\":\"https:\/\/beatrice-mueller.de\/it\/prodotto\/cunz-x-cambia-etichetta-freiheit-opaco\/#primaryimage\"},\"image\":{\"@id\":\"https:\/\/beatrice-mueller.de\/it\/prodotto\/cunz-x-cambia-etichetta-freiheit-opaco\/#primaryimage\"},\"thumbnailUrl\":\"https:\/\/beatrice-mueller.de\/wp-content\/uploads\/2022\/03\/CuNz-x-Wechsellabel-freiheit-vorne.jpg\",\"datePublished\":\"2025-02-16T11:58:01+00:00\",\"breadcrumb\":{\"@id\":\"https:\/\/beatrice-mueller.de\/it\/prodotto\/cunz-x-cambia-etichetta-freiheit-opaco\/#breadcrumb\"},\"inLanguage\":\"it-IT\",\"potentialAction\":[{\"@type\":\"ReadAction\",\"target\":[\"https:\/\/beatrice-mueller.de\/it\/prodotto\/cunz-x-cambia-etichetta-freiheit-opaco\/\"]}]},{\"@type\":\"ImageObject\",\"inLanguage\":\"it-IT\",\"@id\":\"https:\/\/beatrice-mueller.de\/it\/prodotto\/cunz-x-cambia-etichetta-freiheit-opaco\/#primaryimage\",\"url\":\"https:\/\/beatrice-mueller.de\/wp-content\/uploads\/2022\/03\/CuNz-x-Wechsellabel-freiheit-vorne.jpg\",\"contentUrl\":\"https:\/\/beatrice-mueller.de\/wp-content\/uploads\/2022\/03\/CuNz-x-Wechsellabel-freiheit-vorne.jpg\",\"width\":1500,\"height\":1500},{\"@type\":\"BreadcrumbList\",\"@id\":\"https:\/\/beatrice-mueller.de\/it\/prodotto\/cunz-x-cambia-etichetta-freiheit-opaco\/#breadcrumb\",\"itemListElement\":[{\"@type\":\"ListItem\",\"position\":1,\"name\":\"Startseite\",\"item\":\"https:\/\/beatrice-mueller.de\/it\/\"},{\"@type\":\"ListItem\",\"position\":2,\"name\":\"Negozio\",\"item\":\"https:\/\/beatrice-mueller.de\/it\/negozio-2\/\"},{\"@type\":\"ListItem\",\"position\":3,\"name\":\"CuNz-x cambia etichetta FREIHEIT opaco\"}]},{\"@type\":\"WebSite\",\"@id\":\"https:\/\/beatrice-mueller.de\/it\/#website\",\"url\":\"https:\/\/beatrice-mueller.de\/it\/\",\"name\":\"Beatrice M\u00fcller\",\"description\":\"Schmuckdesign\",\"potentialAction\":[{\"@type\":\"SearchAction\",\"target\":{\"@type\":\"EntryPoint\",\"urlTemplate\":\"https:\/\/beatrice-mueller.de\/it\/?s={search_term_string}\"},\"query-input\":{\"@type\":\"PropertyValueSpecification\",\"valueRequired\":true,\"valueName\":\"search_term_string\"}}],\"inLanguage\":\"it-IT\"}]}<\/script>\n<!-- \/ Yoast SEO plugin. -->","yoast_head_json":{"title":"CuNz-x cambia etichetta FREIHEIT opaco - Beatrice M\u00fcller","robots":{"index":"index","follow":"follow","max-snippet":"max-snippet:-1","max-image-preview":"max-image-preview:large","max-video-preview":"max-video-preview:-1"},"canonical":"https:\/\/beatrice-mueller.de\/it\/prodotto\/cunz-x-cambia-etichetta-freiheit-opaco\/","og_locale":"it_IT","og_type":"article","og_title":"CuNz-x cambia etichetta FREIHEIT opaco - Beatrice M\u00fcller","og_description":"descrizione del prodotto La libert\u00e0 \u00e8 il bene pi\u00f9 grande dell&#8217;uomo. Al momento ci mancano alcune delle nostre libert\u00e0. Ma anche se lo spazio \u00e8 pi\u00f9 piccolo in questo momento, puoi comunque sentire la libert\u00e0 interiore. Questo ciondolo \u00e8 progettato per la maschera FFP2, per essere appeso e come segnale attuale verso il mondo esterno. [&hellip;]","og_url":"https:\/\/beatrice-mueller.de\/it\/prodotto\/cunz-x-cambia-etichetta-freiheit-opaco\/","og_site_name":"Beatrice M\u00fcller","og_image":[{"width":1500,"height":1500,"url":"https:\/\/beatrice-mueller.de\/wp-content\/uploads\/2022\/03\/CuNz-x-Wechsellabel-freiheit-vorne.jpg","type":"image\/jpeg"}],"twitter_card":"summary_large_image","twitter_misc":{"Tempo di lettura stimato":"1 minuto"},"schema":{"@context":"https:\/\/schema.org","@graph":[{"@type":"WebPage","@id":"https:\/\/beatrice-mueller.de\/it\/prodotto\/cunz-x-cambia-etichetta-freiheit-opaco\/","url":"https:\/\/beatrice-mueller.de\/it\/prodotto\/cunz-x-cambia-etichetta-freiheit-opaco\/","name":"CuNz-x cambia etichetta FREIHEIT opaco - Beatrice M\u00fcller","isPartOf":{"@id":"https:\/\/beatrice-mueller.de\/it\/#website"},"primaryImageOfPage":{"@id":"https:\/\/beatrice-mueller.de\/it\/prodotto\/cunz-x-cambia-etichetta-freiheit-opaco\/#primaryimage"},"image":{"@id":"https:\/\/beatrice-mueller.de\/it\/prodotto\/cunz-x-cambia-etichetta-freiheit-opaco\/#primaryimage"},"thumbnailUrl":"https:\/\/beatrice-mueller.de\/wp-content\/uploads\/2022\/03\/CuNz-x-Wechsellabel-freiheit-vorne.jpg","datePublished":"2025-02-16T11:58:01+00:00","breadcrumb":{"@id":"https:\/\/beatrice-mueller.de\/it\/prodotto\/cunz-x-cambia-etichetta-freiheit-opaco\/#breadcrumb"},"inLanguage":"it-IT","potentialAction":[{"@type":"ReadAction","target":["https:\/\/beatrice-mueller.de\/it\/prodotto\/cunz-x-cambia-etichetta-freiheit-opaco\/"]}]},{"@type":"ImageObject","inLanguage":"it-IT","@id":"https:\/\/beatrice-mueller.de\/it\/prodotto\/cunz-x-cambia-etichetta-freiheit-opaco\/#primaryimage","url":"https:\/\/beatrice-mueller.de\/wp-content\/uploads\/2022\/03\/CuNz-x-Wechsellabel-freiheit-vorne.jpg","contentUrl":"https:\/\/beatrice-mueller.de\/wp-content\/uploads\/2022\/03\/CuNz-x-Wechsellabel-freiheit-vorne.jpg","width":1500,"height":1500},{"@type":"BreadcrumbList","@id":"https:\/\/beatrice-mueller.de\/it\/prodotto\/cunz-x-cambia-etichetta-freiheit-opaco\/#breadcrumb","itemListElement":[{"@type":"ListItem","position":1,"name":"Startseite","item":"https:\/\/beatrice-mueller.de\/it\/"},{"@type":"ListItem","position":2,"name":"Negozio","item":"https:\/\/beatrice-mueller.de\/it\/negozio-2\/"},{"@type":"ListItem","position":3,"name":"CuNz-x cambia etichetta FREIHEIT opaco"}]},{"@type":"WebSite","@id":"https:\/\/beatrice-mueller.de\/it\/#website","url":"https:\/\/beatrice-mueller.de\/it\/","name":"Beatrice M\u00fcller","description":"Schmuckdesign","potentialAction":[{"@type":"SearchAction","target":{"@type":"EntryPoint","urlTemplate":"https:\/\/beatrice-mueller.de\/it\/?s={search_term_string}"},"query-input":{"@type":"PropertyValueSpecification","valueRequired":true,"valueName":"search_term_string"}}],"inLanguage":"it-IT"}]}},"_links":{"self":[{"href":"https:\/\/beatrice-mueller.de\/it\/wp-json\/wp\/v2\/product\/22734","targetHints":{"allow":["GET"]}}],"collection":[{"href":"https:\/\/beatrice-mueller.de\/it\/wp-json\/wp\/v2\/product"}],"about":[{"href":"https:\/\/beatrice-mueller.de\/it\/wp-json\/wp\/v2\/types\/product"}],"replies":[{"embeddable":true,"href":"https:\/\/beatrice-mueller.de\/it\/wp-json\/wp\/v2\/comments?post=22734"}],"wp:featuredmedia":[{"embeddable":true,"href":"https:\/\/beatrice-mueller.de\/it\/wp-json\/wp\/v2\/media\/22738"}],"wp:attachment":[{"href":"https:\/\/beatrice-mueller.de\/it\/wp-json\/wp\/v2\/media?parent=22734"}],"wp:term":[{"taxonomy":"product_brand","embeddable":true,"href":"https:\/\/beatrice-mueller.de\/it\/wp-json\/wp\/v2\/product_brand?post=22734"},{"taxonomy":"product_cat","embeddable":true,"href":"https:\/\/beatrice-mueller.de\/it\/wp-json\/wp\/v2\/product_cat?post=22734"},{"taxonomy":"product_tag","embeddable":true,"href":"https:\/\/beatrice-mueller.de\/it\/wp-json\/wp\/v2\/product_tag?post=22734"}],"curies":[{"name":"wp","href":"https:\/\/api.w.org\/{rel}","templated":true}]}}